{"id":74,"date":"2023-06-11T13:55:33","date_gmt":"2023-06-11T13:55:33","guid":{"rendered":"https:\/\/kunstkartei.at\/?page_id=74"},"modified":"2025-10-20T14:35:26","modified_gmt":"2025-10-20T14:35:26","slug":"74-2","status":"publish","type":"page","link":"https:\/\/kunstkartei.at\/?page_id=74","title":{"rendered":"VITA"},"content":{"rendered":"\n<h5 class=\"wp-block-heading has-text-align-center\">K\u00dcNSTLERISCHE VITA<\/h5>\n\n\n\n<h5 class=\"wp-block-heading has-text-align-center\">Philipp M\u00fcller<\/h5>\n\n\n\n<figure class=\"wp-block-image aligncenter size-full is-resized\"><img loading=\"lazy\" decoding=\"async\" width=\"425\" height=\"517\" src=\"https:\/\/kunstkartei.at\/wp-content\/uploads\/2023\/06\/WEINHARA_-_PHILIPP_MUeLLER_-_PRESSEFOTO_1.jpg\" alt=\"\" class=\"wp-image-79\" srcset=\"https:\/\/kunstkartei.at\/wp-content\/uploads\/2023\/06\/WEINHARA_-_PHILIPP_MUeLLER_-_PRESSEFOTO_1.jpg 425w, https:\/\/kunstkartei.at\/wp-content\/uploads\/2023\/06\/WEINHARA_-_PHILIPP_MUeLLER_-_PRESSEFOTO_1-247x300.jpg 247w\" sizes=\"auto, (max-width: 425px) 100vw, 425px\" \/><figcaption class=\"wp-element-caption\">Foto: Jan Bruckschwaiger<\/figcaption><\/figure>\n\n\n\n<p class=\"has-link-color wp-elements-835d91e6fe0d6839fec5acfda5e6a1a5\"><strong>Seit September 2025: <\/strong>Fertigstellung eines 4-Titel-Albums f\u00fcr <em>WeinHara<\/em> und Vorbereitungen f\u00fcr die V\u00d6 resp. einer Ausstellung von vier neuen Bildern, die in Bezug zum Album stehen. Voraussichtliche Pr\u00e4sentation: Ende November oder Anfang Dezember 2025.<\/p>\n\n\n\n<div style=\"height:33px\" aria-hidden=\"true\" class=\"wp-block-spacer\"><\/div>\n\n\n\n<p class=\"has-medium-font-size\"><strong>Die Vita ist 2-teilig: 1. Bildende Kunst, 2. Musik<\/strong><\/p>\n\n\n\n<h5 class=\"wp-block-heading has-text-align-center has-large-font-size\">1. Bildende Kunst<\/h5>\n\n\n\n<h6 class=\"wp-block-heading\"><strong>Ausstellungen, Messen,<strong> Auftragsarbeiten<\/strong><\/strong>,<strong> PERFORMANCES<strong>,<\/strong> \u2026<\/strong><\/h6>\n\n\n\n<p><strong>2025<\/strong><\/p>\n\n\n\n<p><strong>. Performer:<\/strong> <em>Urbanize!, United Workers: Work Around The Clock<\/em>, Walk &amp; Talk, Projekon &amp; Performance, \u00f6ffentlicher Raum, 1060 Wien<\/p>\n\n\n\n<p><strong>. Digital Collagen, Schallplatte:<\/strong> <em>Samstagabend Kunstmarkt<\/em>, Kunstmarkt, Altes Kino Sandleiten, Wien<\/p>\n\n\n\n<p><strong>. Lichtobjekt, Zeichnungen:<\/strong> <em>Part Of The Art<\/em>, Gruppenausstellung, showroom51, Wien<\/p>\n\n\n\n<p><strong>2024<\/strong><\/p>\n\n\n\n<p><strong>. Div. Techniken &amp; Medien:<\/strong> <em>Beinflusst Durch WeinHara<\/em>, Einzelausstellung, showroom51, Wien<\/p>\n\n\n\n<p><strong>. Digital Collagen:<\/strong> <em>Fake!<\/em>, Gruppenausstellung, KVH, Wien<\/p>\n\n\n\n<p><strong>. Digital Collagen, Schallplatte:<\/strong> <em>Drop Your Pennis Art Market<\/em>, Kunstmarkt, Altes Kino Sandleiten, Wien<\/p>\n\n\n\n<p><strong>. Digital Collage, Zeichnung:<\/strong> <em>Part Of The Art<\/em>, Gruppenausstellung, showroom51, Wien<\/p>\n\n\n\n<p><strong>. Digital Collagen:<\/strong> <em>Part Of The Art<\/em>, Gruppenausstellung, showroom51, Wien<\/p>\n\n\n\n<p><strong>2021<\/strong><\/p>\n\n\n\n<p><strong>. Zeichnung:<\/strong> <em>Bewegte Goldene Spiralenfl\u00e4che<\/em>, Auftrag Privatperson<\/p>\n\n\n\n<p><strong>2020<\/strong><\/p>\n\n\n\n<p><strong>. Skulptur:<\/strong> <em>Der Atem Bewegt Die Form, Die Den Atem Schaft. V2<\/em>, Auftrag Privatperson<\/p>\n\n\n\n<p><strong>. Malerei:<\/strong> <em>TV-Junk, Coughit-O5, Teil 1 \u2013 3<\/em>, Auftrag Privatperson<\/p>\n\n\n\n<p><strong>2018<\/strong><\/p>\n\n\n\n<p><strong>. Lichtobjekt:<\/strong> <em>Open Call 2018<\/em>, Gruppenausstellung, KVH, Wien<\/p>\n\n\n\n<p><strong>2007<\/strong><\/p>\n\n\n\n<p><strong>. Plastik:<\/strong><em> Miniatur<\/em>, Gruppenausstellung, Atelier im Raggnerhof, Wien<\/p>\n\n\n\n<p><strong>2006<\/strong><\/p>\n\n\n\n<p><strong>. Malerei:<\/strong> <em>Stadthorizonte 6 &amp; 7<\/em>, Gruppenausstellung, A2, Wien<\/p>\n\n\n\n<p><strong>2005<\/strong><\/p>\n\n\n\n<p><strong>. Zeichnungen, Plastik, Lichtobjekt:<\/strong><em> Innere Und \u00c4u\u00dfere Impulskonzentrate<\/em>, Gruppenausstellung, div. Lokale in Wien<\/p>\n\n\n\n<p><strong>2004<\/strong><\/p>\n\n\n\n<p><strong>. Zeichnungen, Malerei, Plastik, Lichtobjekt:<\/strong><em> Trakt 01<\/em>, Gruppenausstellung, Galerie Kandinsky, Wien<\/p>\n\n\n\n<p><strong>. Malerei:<\/strong> <em>Floridsdorfer Kunst &amp; Kreativmesse<\/em>, Messe, Trillerpark, Wien<\/p>\n\n\n\n<p><strong>. Malerei, Zeichnungen:<\/strong><em> Bebilderung Taverne Lefteris<\/em>, Gruppenausstellung, Taverne Lefteris, Wien<\/p>\n\n\n\n<p><strong>. Visuals in Zusammenarbeit mit Bill Gabe:<\/strong><em> 5-Jahresfeier des Vex<\/em>, Vex, Wien<\/p>\n\n\n\n<p><strong>2003<\/strong><\/p>\n\n\n\n<p><strong>. Skulptur:<\/strong><em> Floridsdorfer Kunst &amp; Kreativmesse<\/em>, Messe, Trillerpark, Wien<\/p>\n\n\n\n<p><strong>. Installation zur Interaktion:<\/strong><em> Soho in Ottakring &#8211; Vorm\u00e4rz-Hotel<\/em>, Gruppenausstellung, Etap, Wien<\/p>\n\n\n\n<p><strong>. Malerei, Zeichnungen:<\/strong><em> Stadt-Horizonte<\/em>, Einzelausstellung, Preamisse, Wien<\/p>\n\n\n\n<p><strong>2002<\/strong><\/p>\n\n\n\n<p><strong>. Zeichnung:<\/strong><em> Landschaft<\/em>, Gruppenausstellung, Schlo\u00dfgalerie, Mikulov (CZ)<\/p>\n\n\n\n<p><strong>. Skulptur:<\/strong><em> Exit 02: Kriterien<\/em>, Diplomausstellung der wiener kunst schule, Brick-5, Wien<\/p>\n\n\n\n<p><strong>2001<\/strong><\/p>\n\n\n\n<p><strong>. Zeichnungen:<\/strong> <em>K\u00f6rper<\/em>, Gruppenausstellung, Galerie Clexx, Wien<\/p>\n\n\n\n<p><strong>2000<\/strong><\/p>\n\n\n\n<p><strong>. Zeichnungen:<\/strong><em> Momentan Indirekt Wahrgenommen<\/em>, Einzelausstellung, KVH, Wien<\/p>\n\n\n\n<p><strong>. Skulptur:<\/strong><em> Drevo 2000<\/em>, Holzskulptur-Symposium Bata Foundation, Zlin (CZ)<\/p>\n\n\n\n<p><strong>. Installation, Performance:<\/strong><em> Ges-Ich-Tern, <\/em>Gruppenausstellung, Heizhaus Stammersdorf, Wien<\/p>\n\n\n\n<p><strong>. Objekt im \u00f6ffentlichem Raum:<\/strong> <em>Engeln \u00fcber\u2018m 3.<\/em>, Hainburgerweg, Wien<\/p>\n\n\n\n<p><strong>. Soziokulturelle Gruppen-Performance im \u00f6ffentlichem Raum:<\/strong> <em>Buchstabensuppe gegen Sprachlosigkeit<\/em>, Stra\u00dfenbahnstation Schottentor, Wien<\/p>\n\n\n\n<p><strong>1999<\/strong><\/p>\n\n\n\n<p><strong>. Plastiken, Zeichnungen:<\/strong> <em>Suche im Hinterhof<\/em>, Gruppenausstellung, Privatr\u00e4umlichkeiten, Wien<\/p>\n\n\n\n<h5 class=\"wp-block-heading has-text-align-center has-large-font-size\">2. Musik<\/h5>\n\n\n\n<p><strong>Seit 2012<\/strong><\/p>\n\n\n\n<p><em><strong>WeinHara<\/strong><\/em> (Label: <em>Fair Art Pop Records<\/em>, weltweiter Digitalvertrieb: <em>Rebeat<\/em>) Produzent, S\u00e4nger, Texter, Komponist, Musik-, Video- &amp; Grafik-Produktion, PR, Management, \u2026<\/p>\n\n\n\n<h5 class=\"wp-block-heading\">Ver\u00f6ffentlichungen &amp; Vermarktungen<\/h5>\n\n\n\n<p><strong>2025<\/strong><\/p>\n\n\n\n<p><strong>. 2791972 + 2020 and more<\/strong> (15 Track-Compilation, digital: Within, Hommage An Bartleby, Bediene Die Maschine, U-Bahn-Fr\u00fch-St\u00fcck, Lorre, L\u00f6scht Das Feuer!, Eutopia, Gut Jagt B\u00f6se, Hack!, Baby Elephant Cluedo, Booby-Traped Zauberschloss, CougHit-O5, BDM hartwiged in Wien, BDM hibrided in Sarajevo, BDM drozed in London) auch in Kombination mit der Schallplatte &#8222;BDM-EP+ Limited Edition&#8220; erh\u00e4ltlich:<em> Bandcamp<\/em><\/p>\n\n\n\n<p><strong>2024<\/strong><\/p>\n\n\n\n<p><strong>. WeinHara \u2013 Live Im Loop \u2013 Rohe Schnipsel \u2013 2024<\/strong> (Video): <em>Youtube<\/em><\/p>\n\n\n\n<p><strong>2022<\/strong><\/p>\n\n\n\n<p><strong>. 2791972<\/strong> (9 Track-Album, digital: Within, Hommage An Bartleby, Bediene Die Maschine, U-Bahn-Fr\u00fch-St\u00fcck, Lorre, L\u00f6scht Das Feuer!, Eutopia, Gut Jagt B\u00f6se, Hack!): <em>Rebeat, <s>S\u00fcpermarkt.at<\/s>, Bandcamp<\/em><\/p>\n\n\n\n<p><strong>. <\/strong><s><strong>BDM+:<\/strong> Wiederver\u00f6ffenlichung von BDM-EP+ via <em>Rebeat<\/em><\/s><\/p>\n\n\n\n<p><strong>2021<\/strong><\/p>\n\n\n\n<p><strong>. Coughit-O5<\/strong> (Video):<em> Youtube<\/em><\/p>\n\n\n\n<p><strong>. 2020<\/strong> (3 Track-Single, digital: Baby Elephant Cluedo, Booby-Traped Zauberschloss, CougHit-O5): <em>Rebeat, <s>S\u00fcpermarkt.at<\/s>, Bandcamp,<\/em><\/p>\n\n\n\n<p><strong>2020<\/strong><\/p>\n\n\n\n<p><strong>. Hommage An Bartleby<\/strong> (Song, Video): <em><s>S\u00fcpermarkt.at<\/s>,Bandcamp,Facebook <\/em>(2021)<\/p>\n\n\n\n<p><strong>. 3 RMXs von Bediene Die Maschine<\/strong> (Video): <em>Youtube, Facebook<\/em><\/p>\n\n\n\n<p><strong>2019<\/strong><\/p>\n\n\n\n<p><strong>. Hack!<\/strong> (Video): <em>Youtube<\/em><\/p>\n\n\n\n<p><strong>. WeinHara Live Snippets<\/strong> (Video): <em>Youtube, Facebook<\/em><\/p>\n\n\n\n<p><strong>2018<\/strong><\/p>\n\n\n\n<p><strong>. BDM-EP+<\/strong> Limited Edition ( 7 Track-EP, 12\u00a8 Vinyl: 4 Songs: Hack!, Bediene Die Maschine, L\u00f6scht Das Feuer!, Eutopia. 3 Interpretationen von Bediene Die Maschine: BDM hartwiged in Wien, BDM hibrided in Sarajevo, BDM drozed in London): Ausgew\u00e4hlte Schallplattengesch\u00e4fte in Wien,<em>Bandcamp<\/em><em>, Soundcloud, <\/em><s><em>S\u00fcpermarkt.at<\/em> (2020 Download,Vinyl)<\/s>, seit 2023 fairartpop.at (Vinyl)<\/p>\n\n\n\n<p><strong>2018<\/strong><\/p>\n\n\n\n<p><strong>. BDM Hartwiged In Wien<\/strong> (Song): <em>Bandcamp, Soundcloud<\/em><\/p>\n\n\n\n<p><strong>. Bediene Die Maschine<\/strong> (Video): <em>Youtube, Facebook<\/em><\/p>\n\n\n\n<p><strong>2017<\/strong><\/p>\n\n\n\n<p><strong>. BDM-EP<\/strong> (4-Track-EP: Hack!, Bediene Die Maschine, L\u00f6scht Das Feuer!, Eutopia): <em>Bandcamp<\/em><em>, Soundcloud<\/em><\/p>\n\n\n\n<p><strong>. Blow In<\/strong> (Video): <em>Youtube, Facebook <\/em>(2018)<\/p>\n\n\n\n<p><strong>. Bediene Die Maschine<\/strong> (Song): <em>Bandcamp, FM4 Soundpark<\/em> (2018)<\/p>\n\n\n\n<p><strong>. L\u00f6scht Das Feuer!<\/strong> (Video):<em>Youtube, Facebook <\/em>(2018)<\/p>\n\n\n\n<p><strong>. L\u00f6scht Das Feuer!<\/strong> (Song): <em>Soundcloud<\/em><\/p>\n\n\n\n<p><strong>2016<\/strong><\/p>\n\n\n\n<p><strong>. Eutopia<\/strong> (Video):<em>Youtube, Facebook <\/em>(2018)<\/p>\n\n\n\n<p><strong>2015<\/strong><\/p>\n\n\n\n<p><strong>. Eutopia<\/strong> (Song): <em>Soundcloud<\/em><\/p>\n\n\n\n<h5 class=\"wp-block-heading\">Live<\/h5>\n\n\n\n<p><strong>2025<\/strong> 01. M\u00e4rz: Kulturcaf\u00e9 Max, Wien<\/p>\n\n\n\n<p><strong>2024<\/strong> 06. M\u00e4rz: Loop, Wien<\/p>\n\n\n\n<p><strong>2023<\/strong> 28. Sep.: Coco Bar, Wien<\/p>\n\n\n\n<p><strong>2019<\/strong> 28. Dez.: Down Under, Wien \/ 24. Sep.: Kramladen, Wien \/ 28. Jun.: Kunstwerkstatt Tulln, Tulln a.d. Donau \/ 23. M\u00e4r.: Kramladen, Wien \/ 25. J\u00e4n.: Replugged, Wien<\/p>\n\n\n\n<p><strong>2018<\/strong> 15. Nov., 1. Konzert &amp; Pr\u00e4sentation der Vinyl BDM-EP+: Club-U, Wien<\/p>\n\n\n\n<h5 class=\"wp-block-heading\">Radio<\/h5>\n\n\n\n<p><strong>Seit 2019<\/strong> Immer wieder Airplay bei diversen Freie Radio Stationen in Wien, Nieder\u00f6sterreich und Burgenland.<\/p>\n\n\n\n<h5 class=\"wp-block-heading\">Eigene Radio-Produktionen mit Musik von <em>WeinHara<\/em><\/h5>\n\n\n\n<p><strong>2021<\/strong><\/p>\n\n\n\n<p><strong>. <em>Reprise &#8211; WeinHara und befreundete Acts pr\u00e4sentiert von Philipp M\u00fcller<\/em>: <\/strong><em>RES.Radio<\/em> (1-Std. Sendung, Sprecher, Texter &amp; Produzent)<\/p>\n\n\n\n<p><strong><em>. WeinHara und befreundete Acts pr\u00e4sentiert von Philipp M\u00fcller<\/em>:<\/strong> <em>Radio grenzWelle<\/em> (1-Std. Sendung, Sprecher, Texter &amp; Produzent)<\/p>\n\n\n\n<p><strong>. <em>Dialektos<\/em>:<\/strong> <em>Radio Orange 94,0<\/em> (1-Std. Sendung, Co-Produzent)<\/p>\n\n\n\n<h5 class=\"wp-block-heading\">Weitere Produktionen, Projekte und Bands die nicht mit <em>WeinHara<\/em> zu tun haben vor 2020<\/h5>\n\n\n\n<p><strong>2019<\/strong><\/p>\n\n\n\n<p><strong>. <em>Alissia Laureen<\/em>:<\/strong> 1 Demo Song (Aufnahme, Mix)<\/p>\n\n\n\n<p><strong>2018<\/strong><\/p>\n\n\n\n<p><strong>. <em>Irgendwien<\/em>:<\/strong> 4 Demo Songs (Produzent, Aufnahme, Mix, Co-Komponist)<\/p>\n\n\n\n<p><strong>2006 bis 2015<\/strong><\/p>\n\n\n\n<p><em><strong>funkenflut<\/strong><\/em> (Mouvement Records): S\u00e4nger, Texter, Komponist, Musik-, Video- &amp; Grafik-Produktion, PR, Management, \u2026<\/p>\n\n\n\n<p><strong>Ver\u00f6ffentlichungen &amp; Vermarktungen<\/strong><\/p>\n\n\n\n<p><strong>2012<\/strong><\/p>\n\n\n\n<p><strong>. Praxis Der Klienten<\/strong> (LP-CD)<\/p>\n\n\n\n<p><strong>2011<\/strong><\/p>\n\n\n\n<p><strong>. Nanobots &amp; Sateliten<\/strong> (Maxi-CD)<\/p>\n\n\n\n<p><strong>2010<\/strong><\/p>\n\n\n\n<p><strong>. Die Sonne<\/strong> (Maxi-CD)<\/p>\n\n\n\n<p><strong>2010<\/strong><\/p>\n\n\n\n<p><strong>. Vorspiel<\/strong> (Promo-CD)<\/p>\n\n\n\n<p><strong>2008<\/strong><\/p>\n\n\n\n<p><strong>. Nikodemos<\/strong> (Demo-CD)<\/p>\n\n\n\n<h5 class=\"wp-block-heading\"><strong>Live<\/strong><\/h5>\n\n\n\n<p><strong>2007 bis 2015:<\/strong> 30 Konzerte in Wien u. Umgebung (Szene Wien, Connect-Festival, Rhiz, Machbar usw.)<\/p>\n\n\n\n<p><strong>2005<\/strong><\/p>\n\n\n\n<p><strong>. <em>UHF Per Pedes \u2013Eine Musikalische Performance zum Autofreien Tag<\/em>:<\/strong> Kulturzentrum Perchtoldsdorf, N\u00d6: Gesang\u201a Percussion, Komponist, Performance, Management, \u2026<\/p>\n\n\n\n<h5 class=\"wp-block-heading\"><strong>bis 2000<\/strong><\/h5>\n\n\n\n<p><strong>1993 bis 2000<\/strong><\/p>\n\n\n\n<p><strong><em>Sushi With Suzie<\/em>: <\/strong>S\u00e4nger, Texter, Komponist, PR, Management, \u2026<\/p>\n\n\n\n<p><strong>Ver\u00f6ffentlichung &amp; Vermarktung:<\/strong> 1995: Spliff Break (Demo-MC), 1994: Choped Suey (EP-CD, Vertrieb <em>Gash Records<\/em>), 1993: Safer Sex (Demo-MC)<\/p>\n\n\n\n<p><strong>Live:<\/strong> 1993 bis 2000: div. Konzerte (Donauinselfest, Arena, Planet.tt Fun Club, Ost\u00f6sterreich, Bunker (Prag, CZ) usw.)<\/p>\n\n\n\n<p><strong>. 1987 bis 1993<\/strong> in div. Band-Projekten als Schlagzeuger in div. Prober\u00e4umen<br>und dem 1. Auftriit beim <em>Popodrom<\/em> 1990.<\/p>\n\n\n\n<p><\/p>\n","protected":false},"excerpt":{"rendered":"<p>K\u00dcNSTLERISCHE VITA Philipp M\u00fcller Seit September 2025: Fertigstellung eines 4-Titel-Albums f\u00fcr WeinHara und Vorbereitungen f\u00fcr die V\u00d6 resp. einer Ausstellung von vier neuen Bildern, die in Bezug zum Album stehen. Voraussichtliche Pr\u00e4sentation: Ende November oder Anfang Dezember 2025. Die Vita ist 2-teilig: 1. Bildende Kunst, 2. Musik 1. Bildende Kunst Ausstellungen, Messen, Auftragsarbeiten, PERFORMANCES, \u2026 [&hellip;]<\/p>\n","protected":false},"author":1,"featured_media":0,"parent":0,"menu_order":0,"comment_status":"closed","ping_status":"closed","template":"","meta":{"slim_seo":{"title":"VITA - Philipp M\u00fcller","description":"Philipp M\u00fcller (1972*), lebt in Wien und ist K\u00fcnstler. F\u00fcr mehr Informationen besuchen Sie bitte die Website."},"footnotes":""},"class_list":["post-74","page","type-page","status-publish","hentry"],"_links":{"self":[{"href":"https:\/\/kunstkartei.at\/index.php?rest_route=\/wp\/v2\/pages\/74","targetHints":{"allow":["GET"]}}],"collection":[{"href":"https:\/\/kunstkartei.at\/index.php?rest_route=\/wp\/v2\/pages"}],"about":[{"href":"https:\/\/kunstkartei.at\/index.php?rest_route=\/wp\/v2\/types\/page"}],"author":[{"embeddable":true,"href":"https:\/\/kunstkartei.at\/index.php?rest_route=\/wp\/v2\/users\/1"}],"replies":[{"embeddable":true,"href":"https:\/\/kunstkartei.at\/index.php?rest_route=%2Fwp%2Fv2%2Fcomments&post=74"}],"version-history":[{"count":67,"href":"https:\/\/kunstkartei.at\/index.php?rest_route=\/wp\/v2\/pages\/74\/revisions"}],"predecessor-version":[{"id":710,"href":"https:\/\/kunstkartei.at\/index.php?rest_route=\/wp\/v2\/pages\/74\/revisions\/710"}],"wp:attachment":[{"href":"https:\/\/kunstkartei.at\/index.php?rest_route=%2Fwp%2Fv2%2Fmedia&parent=74"}],"curies":[{"name":"wp","href":"https:\/\/api.w.org\/{rel}","templated":true}]}}